{"id":95,"date":"2018-12-20T09:47:57","date_gmt":"2018-12-20T08:47:57","guid":{"rendered":"http:\/\/neu.rossinigesellschaft.de\/de\/?page_id=95"},"modified":"2025-05-13T22:11:05","modified_gmt":"2025-05-13T20:11:05","slug":"publikationen","status":"publish","type":"page","link":"https:\/\/www.rossinigesellschaft.de\/de\/publikationen\/","title":{"rendered":"Publikationen"},"content":{"rendered":"<blockquote><p>\u201eHo fatto una Musica degna di Rossini\u201c<\/p><\/blockquote>\n<p class=\"style1 style5 \" align=\"left\"><span class=\"style10\">Gioachino Rossini 1815 \u00fcber\u00a0<em>Elisabetta<\/em><\/span><\/p>\n<p>\u201eIch schrieb Musik w\u00fcrdig eines Rossinis\u201c, urteilt Rossini \u00fcber sich selbst. In ihren Publikationen widmet sich die Deutsche Rossini Gesellschaft den unterschiedlichsten Aspekten: Einmal j\u00e4hrlich gibt sie\u00a0<em>La Gazzetta<\/em>\u00a0heraus, mit vielen Beitr\u00e4gen zur Rossini-Forschung. Die sporadisch erscheinende<em>\u00a0Schriftenreihe<\/em>\u00a0konzentriert sich jeweils auf ein besonderes Thema. Im<em>\u00a0Mitteilungsblatt<\/em>\u00a0finden die Mitglieder mindestens dreimal j\u00e4hrlich viele Informationen sowie Auff\u00fchrungs- und CD-Rezensionen. Weiterhin k\u00f6nnen wir alle interessierten Rossini-Freunde auf vielf\u00e4ltige und abwechslungsreiche Publikationen unserer Mitglieder verweisen.<\/p>\n<p><a href=\"#OT\">Operntexte<\/a>\u00a0|\u00a0<a href=\"#gazz\">La Gazzetta<\/a>\u00a0|\u00a0<a href=\"#sr\">Schriftenreihe<\/a>\u00a0|\u00a0<a href=\"#Noten\">Notenausgaben<\/a><\/p>\n<hr \/>\n<p>&nbsp;<\/p>\n<p><strong><a name=\"OT\"><\/a>Operntexte<\/strong><\/p>\n<p>In der Reihe Operntexte wird der vollst\u00e4ndige Wortlaut, wie er von Rossini vertont wurde, abgedruckt und \u00fcbersetzt. Erg\u00e4nzend wurden nicht vertonte Passagen aus dem gedruckten Libretto der Urauff\u00fchrung sowie sp\u00e4ter hinzugekommene alternative Musiknummern in den Text aufgenommen.<\/p>\n<p>Zuletzt erschienen:<\/p>\n<p><em>11 &#8211; L&#8217;italiana in Algeri<br \/>\n<\/em>F\u00fcr das Teatro San Benedetto in Venedig vertonte Rossini in nur 18 Tagen mit einigen signifikativen \u00c4nderungen das ihm kongeniale Libretto L\u2019italiana in Algeri, das Angelo Anelli urspr\u00fcnglich 1808 in Mailand f\u00fcr Luigi Mosca verfasst hatte. Nach dem \u00fcberw\u00e4ltigenden Erfolg im Mai 1813 komponierte Rossini alternative Nummern f\u00fcr Vicenza (Sommer 1813), Mailand (April 1814) und Neapel (Oktober 1815). Neben dem vollst\u00e4ndigen Wortlaut der Partitur und den Alternativarien, die in dieser Ausgabe der Reihe <strong>Operntexte<\/strong> abgedruckt und \u00fcbersetzt sind, widmet sich eine umfassende Einleitung u. a. der Frage nach Anellis literarischen Quellen und den Hintergr\u00fcnden der Urauff\u00fchrung sowie der von Rossini begleiteten Wiederaufnahmen.<br \/>\n<em><i>ISBN 978-3-96023-637-5 | Leipzig 2025, 144 Seiten, 12&#215;19 cm, Klebebindung<\/i>, <a href=\"https:\/\/www.rossinigesellschaft.de\/de\/produkt\/ot-11-litaliana-in-algeri\/\" target=\"_blank\" rel=\"noopener noreferrer\">\u20ac 12.&#8211;<\/a>.<\/em><\/p>\n<pre><div class=\"woocommerce columns-5 \"><ul class=\"products columns-5\">\n<li class=\"product type-product post-1581 status-publish first instock product_cat-operntexte has-post-thumbnail shipping-taxable purchasable product-type-simple\">\n\t<a href=\"https:\/\/www.rossinigesellschaft.de\/de\/produkt\/ot-11-litaliana-in-algeri\/\" class=\"woocommerce-LoopProduct-link woocommerce-loop-product__link\"><img loading=\"lazy\" decoding=\"async\" width=\"300\" height=\"474\" src=\"https:\/\/www.rossinigesellschaft.de\/de\/wp-content\/uploads\/2025\/02\/11_Italiana-300x474.jpg\" class=\"attachment-woocommerce_thumbnail size-woocommerce_thumbnail\" alt=\"OT 11 - L&#039;italiana in Algeri\" srcset=\"https:\/\/www.rossinigesellschaft.de\/de\/wp-content\/uploads\/2025\/02\/11_Italiana-300x474.jpg 300w, https:\/\/www.rossinigesellschaft.de\/de\/wp-content\/uploads\/2025\/02\/11_Italiana-190x300.jpg 190w, https:\/\/www.rossinigesellschaft.de\/de\/wp-content\/uploads\/2025\/02\/11_Italiana-1214x1920.jpg 1214w, https:\/\/www.rossinigesellschaft.de\/de\/wp-content\/uploads\/2025\/02\/11_Italiana-768x1215.jpg 768w, https:\/\/www.rossinigesellschaft.de\/de\/wp-content\/uploads\/2025\/02\/11_Italiana-971x1536.jpg 971w, https:\/\/www.rossinigesellschaft.de\/de\/wp-content\/uploads\/2025\/02\/11_Italiana-1295x2048.jpg 1295w, https:\/\/www.rossinigesellschaft.de\/de\/wp-content\/uploads\/2025\/02\/11_Italiana-600x949.jpg 600w, https:\/\/www.rossinigesellschaft.de\/de\/wp-content\/uploads\/2025\/02\/11_Italiana.jpg 1419w\" sizes=\"auto, (max-width: 300px) 100vw, 300px\" \/><h2 class=\"woocommerce-loop-product__title\">OT 11 &#8211; L&#8217;italiana in Algeri<\/h2>\n\t<span class=\"price\"><span class=\"woocommerce-Price-amount amount\"><bdi>12,00<span class=\"woocommerce-Price-currencySymbol\">&euro;<\/span><\/bdi><\/span><\/span>\n<\/a><a href=\"\/de\/wp-json\/wp\/v2\/pages\/95?add-to-cart=1581\" aria-describedby=\"woocommerce_loop_add_to_cart_link_describedby_1581\" data-quantity=\"1\" class=\"button product_type_simple add_to_cart_button ajax_add_to_cart\" data-product_id=\"1581\" data-product_sku=\"103211\" aria-label=\"In den Warenkorb legen: \u201eOT 11 - L&#039;italiana in Algeri\u201c\" rel=\"nofollow\" data-success_message=\"\u201eOT 11 - L&#039;italiana in Algeri\u201c wurde Ihrem Warenkorb hinzugef\u00fcgt\">In den Warenkorb<\/a>\t<span id=\"woocommerce_loop_add_to_cart_link_describedby_1581\" class=\"screen-reader-text\">\n\t\t\t<\/span>\n<\/li>\n<\/ul>\n<\/div><\/pre>\n<p>&nbsp;<\/p>\n<p><strong><a id=\"gazz\" name=\"gazz\"><\/a>La Gazzetta<\/strong><\/p>\n<p>Zeitschrift der Deutschen Rossini Gesellschaft<\/p>\n<p><a href=\"http:\/\/www.rossinigesellschaft.de\/soc\/publ\/LaGazzetta_Indexe%201991-2015.pdf\" target=\"_blank\" rel=\"noopener noreferrer\">Personen-, Werk- und Sachregister Jg. I-XXV<\/a>\u00a0(pdf, ca. 1 MB)<\/p>\n<p>Aktuelles Heft:<\/p>\n<p align=\"left\">2023 | Schriftleitung und Redaktion: Dr. h.c. Reto M\u00fcller<em> |<\/em><em> 68 Seiten, 14,7&#215;21 cm, Klebebindung, <a href=\"https:\/\/www.rossinigesellschaft.de\/de\/produkt\/la-gazzetta-2020\/\" target=\"_blank\" rel=\"noopener noreferrer\">\u20ac 5,&#8211;<\/a>.<\/em><\/p>\n<ul>\n<li>Reto M\u00fcller: <em>Erinnerung an Gianfranco Mariotti (1933-2024)<\/em>, S. 2-3<\/li>\n<li>Nora Eckert: <em>Die Sehnsucht nach dem S\u00fcden als Erinnerung an bessere Zeiten. Die Rossini-Verehrung des Kulturhistorikers Jacob Burckhardt<\/em>, S. 4-23<\/li>\n<li>Thomas Notthoff: <em>\u201e\u00dcberm\u00fctige Parodie der Oper\u201c. Thomas Mann h\u00f6rt Rossini<\/em>, S. 24-49<\/li>\n<li>Reto M\u00fcller:<em> Nicola Vaccaj und Pesaro<\/em>, S. 50-53<\/li>\n<li>Reto M\u00fcller:<em> Fonzi, L\u2019esistenza autentica di Gioachino Rossini<\/em> [Rezension], S. 54-55<\/li>\n<li>Reto M\u00fcller: <em>Monaco, Rossini operista a Parigi<\/em> [Rezension], S. 55-56<\/li>\n<li>Reto M\u00fcller: <em>Eduardo e Cristina, Kritische Ausgabe<\/em> [Rezension], S. 56-67<\/li>\n<\/ul>\n<pre class=\"moz-quote-pre\"><div class=\"woocommerce columns-5 \"><ul class=\"products columns-5\">\n<li class=\"product type-product post-1624 status-publish first instock product_cat-la-gazzetta has-post-thumbnail shipping-taxable purchasable product-type-simple\">\n\t<a href=\"https:\/\/www.rossinigesellschaft.de\/de\/produkt\/la-gazzetta-2024\/\" class=\"woocommerce-LoopProduct-link woocommerce-loop-product__link\"><img loading=\"lazy\" decoding=\"async\" width=\"300\" height=\"431\" src=\"https:\/\/www.rossinigesellschaft.de\/de\/wp-content\/uploads\/2025\/05\/24_00_La-Gazzetta_Cover-300x431.jpg\" class=\"attachment-woocommerce_thumbnail size-woocommerce_thumbnail\" alt=\"La Gazzetta 2024\" srcset=\"https:\/\/www.rossinigesellschaft.de\/de\/wp-content\/uploads\/2025\/05\/24_00_La-Gazzetta_Cover-300x431.jpg 300w, https:\/\/www.rossinigesellschaft.de\/de\/wp-content\/uploads\/2025\/05\/24_00_La-Gazzetta_Cover-209x300.jpg 209w, https:\/\/www.rossinigesellschaft.de\/de\/wp-content\/uploads\/2025\/05\/24_00_La-Gazzetta_Cover-1338x1920.jpg 1338w, https:\/\/www.rossinigesellschaft.de\/de\/wp-content\/uploads\/2025\/05\/24_00_La-Gazzetta_Cover-768x1102.jpg 768w, https:\/\/www.rossinigesellschaft.de\/de\/wp-content\/uploads\/2025\/05\/24_00_La-Gazzetta_Cover-1070x1536.jpg 1070w, https:\/\/www.rossinigesellschaft.de\/de\/wp-content\/uploads\/2025\/05\/24_00_La-Gazzetta_Cover-1427x2048.jpg 1427w, https:\/\/www.rossinigesellschaft.de\/de\/wp-content\/uploads\/2025\/05\/24_00_La-Gazzetta_Cover-600x861.jpg 600w, https:\/\/www.rossinigesellschaft.de\/de\/wp-content\/uploads\/2025\/05\/24_00_La-Gazzetta_Cover.jpg 1725w\" sizes=\"auto, (max-width: 300px) 100vw, 300px\" \/><h2 class=\"woocommerce-loop-product__title\">La Gazzetta 2024<\/h2>\n\t<span class=\"price\"><span class=\"woocommerce-Price-amount amount\"><bdi>5,00<span class=\"woocommerce-Price-currencySymbol\">&euro;<\/span><\/bdi><\/span><\/span>\n<\/a><a href=\"\/de\/wp-json\/wp\/v2\/pages\/95?add-to-cart=1624\" aria-describedby=\"woocommerce_loop_add_to_cart_link_describedby_1624\" data-quantity=\"1\" class=\"button product_type_simple add_to_cart_button ajax_add_to_cart\" data-product_id=\"1624\" data-product_sku=\"103324\" aria-label=\"In den Warenkorb legen: \u201eLa Gazzetta 2024\u201c\" rel=\"nofollow\" data-success_message=\"\u201eLa Gazzetta 2024\u201c wurde Ihrem Warenkorb hinzugef\u00fcgt\">In den Warenkorb<\/a>\t<span id=\"woocommerce_loop_add_to_cart_link_describedby_1624\" class=\"screen-reader-text\">\n\t\t\t<\/span>\n<\/li>\n<\/ul>\n<\/div><\/pre>\n<p><strong><a id=\"sr\" name=\"sr\"><\/a>Schriftenreihe der Deutschen Rossini Gesellschaft e.V.<\/strong><\/p>\n<p>Die letzten Erscheinungen:<\/p>\n<p>Band 12<\/p>\n<p><strong>Rossini\u00a0 in Wien<\/strong><br \/>\nTagungsband, hrsg. von Reto M\u00fcller<\/p>\n<p><em><i>ISBN 978-3-96023-576-7 | Leipzig 2024, 520 Seiten, 14,8&#215;21,0 cm, broschiert<\/i>, \u20ac 34.&#8211; \/ 15.&#8211; (PDF).<br \/>\n<\/em><\/p>\n<p>Dieser Band dokumentiert und erg\u00e4nzt die Internationale Konferenz <em>Rossini in Wien 1822<\/em>, die die Deutsche Rossini Gesellschaft angesto\u00dfen und in Zusammenarbeit mit vier weiteren Institutionen vom 24. bis 26. M\u00e4rz 2022 in Wien durchgef\u00fchrt hat.<br \/>\nAnlass war der fast auf den Tag genaue 200. Jahrestag von Rossinis Ankunft in Wien am 22. M\u00e4rz 1822. Sein viermonatiger Aufenthalt in der Habsburger Metropole glich einem Triumphzug, der als \u201eRossini-Fieber\u201c in die Geschichte einging.<br \/>\nBei den Vortr\u00e4gen der Konferenz, die hier verschriftlicht vorliegen, wurden alle denkbaren Aspekte des Besuchs angesprochen: die Rossini-Rezeption in den Jahren vor seinem pers\u00f6nlichen Auftreten in Wien, die Folgen seines Weggangs von Neapel f\u00fcr die dortige k\u00f6nigliche Oper, die Wiener Auff\u00fchrungen und Bearbeitungen von Rossinis Opern in italienischer Sprache und in deutschen \u00dcbersetzungen, die Rolle der S\u00e4ngerinnen und S\u00e4nger der italienischen Spielzeit von 1822, die Wahrnehmung des Ehepaars Rossini in Wien, Rossinis Beziehung zu anderen Komponisten wie Salieri, Beethoven, Schubert oder Weber, der publizistische Erfolg insbesondere der Verleger Artaria und Sauer &amp; Leidesdorf, die Rezeption durch Dichter und Denker wie Raimund, Carpani oder Hegel, die moderne R\u00fcckbesinnung auf Rossini im Theater an der Wien.<br \/>\nAll dies bildet eine umfangreiche Dokumentation \u00fcber Rossinis ersten Aufenthalt au\u00dferhalb Italiens und erg\u00e4nzt in idealer Weise den <a href=\"https:\/\/www.rossinigesellschaft.de\/de\/produkt\/sr-11-il-tedeschino-pdf\/\" target=\"_blank\" rel=\"noopener\">Band 11<\/a> der DRG-Schriftenreihe <em>Il Tedeschino. Rossini und der deutschsprachige Raum<\/em> von 2021.<\/p>\n<p><a href=\"https:\/\/www.rossinigesellschaft.de\/de\/produkt\/sr-12-rossini-in-wien-tagungsband\/\">SR 12 \u2013 Rossini in Wien<\/a><\/p>\n<pre><div class=\"woocommerce columns-5 \"><ul class=\"products columns-5\">\n<li class=\"product type-product post-1461 status-publish first instock product_cat-schriftenreihe has-post-thumbnail shipping-taxable purchasable product-type-simple\">\n\t<a href=\"https:\/\/www.rossinigesellschaft.de\/de\/produkt\/sr-12-rossini-in-wien-tagungsband\/\" class=\"woocommerce-LoopProduct-link woocommerce-loop-product__link\"><img loading=\"lazy\" decoding=\"async\" width=\"300\" height=\"426\" src=\"https:\/\/www.rossinigesellschaft.de\/de\/wp-content\/uploads\/2024\/03\/cover-300x426.jpg\" class=\"attachment-woocommerce_thumbnail size-woocommerce_thumbnail\" alt=\"SR 12 - Rossini in Wien (Tagungsband)\" srcset=\"https:\/\/www.rossinigesellschaft.de\/de\/wp-content\/uploads\/2024\/03\/cover-300x426.jpg 300w, https:\/\/www.rossinigesellschaft.de\/de\/wp-content\/uploads\/2024\/03\/cover-211x300.jpg 211w, https:\/\/www.rossinigesellschaft.de\/de\/wp-content\/uploads\/2024\/03\/cover-1353x1920.jpg 1353w, https:\/\/www.rossinigesellschaft.de\/de\/wp-content\/uploads\/2024\/03\/cover-768x1090.jpg 768w, https:\/\/www.rossinigesellschaft.de\/de\/wp-content\/uploads\/2024\/03\/cover-1083x1536.jpg 1083w, https:\/\/www.rossinigesellschaft.de\/de\/wp-content\/uploads\/2024\/03\/cover-1444x2048.jpg 1444w, https:\/\/www.rossinigesellschaft.de\/de\/wp-content\/uploads\/2024\/03\/cover-600x851.jpg 600w, https:\/\/www.rossinigesellschaft.de\/de\/wp-content\/uploads\/2024\/03\/cover.jpg 1748w\" sizes=\"auto, (max-width: 300px) 100vw, 300px\" \/><h2 class=\"woocommerce-loop-product__title\">SR 12 &#8211; Rossini in Wien (Tagungsband)<\/h2>\n\t<span class=\"price\"><span class=\"woocommerce-Price-amount amount\"><bdi>34,00<span class=\"woocommerce-Price-currencySymbol\">&euro;<\/span><\/bdi><\/span><\/span>\n<\/a><a href=\"\/de\/wp-json\/wp\/v2\/pages\/95?add-to-cart=1461\" aria-describedby=\"woocommerce_loop_add_to_cart_link_describedby_1461\" data-quantity=\"1\" class=\"button product_type_simple add_to_cart_button ajax_add_to_cart\" data-product_id=\"1461\" data-product_sku=\"103112_01\" aria-label=\"In den Warenkorb legen: \u201eSR 12 - Rossini in Wien (Tagungsband)\u201c\" rel=\"nofollow\" data-success_message=\"\u201eSR 12 - Rossini in Wien (Tagungsband)\u201c wurde Ihrem Warenkorb hinzugef\u00fcgt\">In den Warenkorb<\/a>\t<span id=\"woocommerce_loop_add_to_cart_link_describedby_1461\" class=\"screen-reader-text\">\n\t\t\t<\/span>\n<\/li>\n<\/ul>\n<\/div><\/pre>\n<p>Band 11<\/p>\n<p><strong>Il Tedeschino. Rossini und der deutschsprachige Raum<\/strong><br \/>\nTagungsband, hrsg. von Reto M\u00fcller<\/p>\n<p><em>ISBN 978-3-96023-427-2 | Leipzig 2021, 428 Seiten, 14,8&#215;21,0 cm, broschiert, \u20ac 30.&#8211; \/ 10.&#8211; (PDF).<br \/>\n<\/em><\/p>\n<p>Mit diesem Band leistet die Deutsche Rossini Gesellschaft einen wichtigen Beitrag zur Rossini-Rezeption im deutschsprachigen Raum. Er dokumentiert und erweitert den Internationalen Studientag Il Tedeschino. Rossini und der deutschsprachige Raum, der am 3.-4. Mai 2018 in Rom abgehalten wurde. Il Tedeschino\u201c wurde Rossini schon als Student genannt, weil er eine Vorliebe f\u00fcr die Werke Mozarts und noch mehr Haydns zeigte. Um diesen \u2018deutschen\u2019 Einfluss auf seine Musik geht es in dem Sammelband in einem Beitrag von Matteo Giuggioli \u00fcber das Erhabene in Rossinis Opern. Im Vordergrund steht jedoch die Verbreitung seiner Werke in Deutschland und sein pers\u00f6nlicher Austausch mit dessen Repr\u00e4sentanten. Trotz der teils polemischen Auseinandersetzung der deutschen Musikkritik und der deutschen Kollegen mit den Werken Rossinis beherrschte der Italiener die Spielpl\u00e4ne der Oper und Konzerte f\u00fcr zumindest eineinhalb Jahrzehnte lang. Er blieb dar\u00fcber hinaus im ganzen 19. Jahrhundert eine Referenz in der deutschen Musikwelt. Das bezeugt Reto M\u00fcller in einer umfangreichen Sammlung von Memoiren deutscher Bekannter Rossinis. Die polemische Debatte wird anhand eines \u201eInteressenkonflikts\u201c in der Wahrnehmung von Rossini und Beethoven von Luca Aversano aufgezeigt. Die Rezeption im engeren Sinn der Verbreitung seiner Opern wurde bislang erstaunlich oberfl\u00e4chlich behandelt. Dieses Forschungsdesiderat wird f\u00fcr die fr\u00fchen Erfolge Rossinis in M\u00fcnchen, Wien und Dresden beseitigt: Richard Erkens l\u00e4sst den f\u00fcr die ersten Rossini-Auff\u00fchrungen n\u00f6rdlich der Alpen mitverantwortlich Impresario Antonio Cera aus dem historischen Dunkel hervortreten; Bernd-R\u00fcdiger Kern besch\u00e4ftigt sich mit der Rossini-Pflege am Dresdner Hoftheater.<\/p>\n<p><a href=\"https:\/\/www.rossinigesellschaft.de\/de\/produkt\/sr-11-il-tedeschino-pdf\/\">SR 11 \u2013 Il Tedeschino. Rossini und der deutschsprachige Raum (PDF)<\/a><\/p>\n<div class=\"woocommerce columns-5 \"><ul class=\"products columns-5\">\n<li class=\"product type-product post-1070 status-publish first instock product_cat-schriftenreihe has-post-thumbnail shipping-taxable purchasable product-type-simple\">\n\t<a href=\"https:\/\/www.rossinigesellschaft.de\/de\/produkt\/sr-11-il-tedeschino-rossini-und-der-deutschsprachige-raum\/\" class=\"woocommerce-LoopProduct-link woocommerce-loop-product__link\"><img loading=\"lazy\" decoding=\"async\" width=\"300\" height=\"426\" src=\"https:\/\/www.rossinigesellschaft.de\/de\/wp-content\/uploads\/2021\/11\/fronte-300x426.jpg\" class=\"attachment-woocommerce_thumbnail size-woocommerce_thumbnail\" alt=\"SR 11 - Il Tedeschino. Rossini und der deutschsprachige Raum (Tagungsband)\" srcset=\"https:\/\/www.rossinigesellschaft.de\/de\/wp-content\/uploads\/2021\/11\/fronte-300x426.jpg 300w, https:\/\/www.rossinigesellschaft.de\/de\/wp-content\/uploads\/2021\/11\/fronte-211x300.jpg 211w, https:\/\/www.rossinigesellschaft.de\/de\/wp-content\/uploads\/2021\/11\/fronte-1353x1920.jpg 1353w, https:\/\/www.rossinigesellschaft.de\/de\/wp-content\/uploads\/2021\/11\/fronte-768x1090.jpg 768w, https:\/\/www.rossinigesellschaft.de\/de\/wp-content\/uploads\/2021\/11\/fronte-1083x1536.jpg 1083w, https:\/\/www.rossinigesellschaft.de\/de\/wp-content\/uploads\/2021\/11\/fronte-1444x2048.jpg 1444w, https:\/\/www.rossinigesellschaft.de\/de\/wp-content\/uploads\/2021\/11\/fronte-600x851.jpg 600w, https:\/\/www.rossinigesellschaft.de\/de\/wp-content\/uploads\/2021\/11\/fronte.jpg 1748w\" sizes=\"auto, (max-width: 300px) 100vw, 300px\" \/><h2 class=\"woocommerce-loop-product__title\">SR 11 &#8211; Il Tedeschino. Rossini und der deutschsprachige Raum (Tagungsband)<\/h2>\n\t<span class=\"price\"><span class=\"woocommerce-Price-amount amount\"><bdi>34,00<span class=\"woocommerce-Price-currencySymbol\">&euro;<\/span><\/bdi><\/span><\/span>\n<\/a><a href=\"\/de\/wp-json\/wp\/v2\/pages\/95?add-to-cart=1070\" aria-describedby=\"woocommerce_loop_add_to_cart_link_describedby_1070\" data-quantity=\"1\" class=\"button product_type_simple add_to_cart_button ajax_add_to_cart\" data-product_id=\"1070\" data-product_sku=\"103111_01\" aria-label=\"In den Warenkorb legen: \u201eSR 11 - Il Tedeschino. Rossini und der deutschsprachige Raum (Tagungsband)\u201c\" rel=\"nofollow\" data-success_message=\"\u201eSR 11 - Il Tedeschino. Rossini und der deutschsprachige Raum (Tagungsband)\u201c wurde Ihrem Warenkorb hinzugef\u00fcgt\">In den Warenkorb<\/a>\t<span id=\"woocommerce_loop_add_to_cart_link_describedby_1070\" class=\"screen-reader-text\">\n\t\t\t<\/span>\n<\/li>\n<\/ul>\n<\/div>\n<p>Band 10<\/p>\n<p>Paolo Fabbri:<br \/>\n<strong>Rossini. K\u00fcnstler, Mensch und Mythos<\/strong><br \/>\nDeutsche \u00dcbersetzung von Marcus K\u00f6hler &#8211; Unterst\u00fctzung\u00a0<a href=\"http:\/\/www.seps.it\/\" target=\"_blank\" rel=\"noopener noreferrer\">SEPS<\/a><br \/>\n<em>ISBN 978-3-96023-279-7 | Leipzig 2019, 202 Seiten 12&#215;19 cm, broschiert, <a href=\"https:\/\/www.rossinigesellschaft.de\/de\/produkt\/sr-10-rossini\/\" target=\"_blank\" rel=\"noopener noreferrer\">\u20ac 12.&#8211;<\/a><\/em><\/p>\n<p>Eine kurze, auf dem neuesten Stand der Wissenschaft stehende Biografie Rossinis, die auch viele seiner Werke beschreibt und sein Schaffen in stilistischer und \u00e4sthetischer Hinsicht einordnet \u2013 unsere Leseempfehlung f\u00fcr alle, die Rossini in einer \u00fcber\u00adschaubaren Monografie kennenlernen oder neu entdecken m\u00f6chten! Mit f\u00fcnf Rossini-Portr\u00e4ts.<\/p>\n<pre><div class=\"woocommerce columns-5 \"><ul class=\"products columns-5\">\n<li class=\"product type-product post-665 status-publish first instock product_cat-schriftenreihe has-post-thumbnail shipping-taxable purchasable product-type-simple\">\n\t<a href=\"https:\/\/www.rossinigesellschaft.de\/de\/produkt\/sr-10-rossini\/\" class=\"woocommerce-LoopProduct-link woocommerce-loop-product__link\"><img loading=\"lazy\" decoding=\"async\" width=\"300\" height=\"478\" src=\"https:\/\/www.rossinigesellschaft.de\/de\/wp-content\/uploads\/2019\/09\/SR10_Fabbri-Rossini_Vorderseite-300x478.jpg\" class=\"attachment-woocommerce_thumbnail size-woocommerce_thumbnail\" alt=\"SR 10 - Paolo Fabbri: Rossini. K\u00fcnstler, Mensch und Mythos (Biografie)\" srcset=\"https:\/\/www.rossinigesellschaft.de\/de\/wp-content\/uploads\/2019\/09\/SR10_Fabbri-Rossini_Vorderseite-300x478.jpg 300w, https:\/\/www.rossinigesellschaft.de\/de\/wp-content\/uploads\/2019\/09\/SR10_Fabbri-Rossini_Vorderseite-188x300.jpg 188w, https:\/\/www.rossinigesellschaft.de\/de\/wp-content\/uploads\/2019\/09\/SR10_Fabbri-Rossini_Vorderseite-768x1224.jpg 768w, https:\/\/www.rossinigesellschaft.de\/de\/wp-content\/uploads\/2019\/09\/SR10_Fabbri-Rossini_Vorderseite-1205x1920.jpg 1205w, https:\/\/www.rossinigesellschaft.de\/de\/wp-content\/uploads\/2019\/09\/SR10_Fabbri-Rossini_Vorderseite-600x956.jpg 600w, https:\/\/www.rossinigesellschaft.de\/de\/wp-content\/uploads\/2019\/09\/SR10_Fabbri-Rossini_Vorderseite.jpg 1408w\" sizes=\"auto, (max-width: 300px) 100vw, 300px\" \/><h2 class=\"woocommerce-loop-product__title\">SR 10 &#8211; Paolo Fabbri: Rossini. K\u00fcnstler, Mensch und Mythos (Biografie)<\/h2>\n\t<span class=\"price\"><span class=\"woocommerce-Price-amount amount\"><bdi>12,00<span class=\"woocommerce-Price-currencySymbol\">&euro;<\/span><\/bdi><\/span><\/span>\n<\/a><a href=\"\/de\/wp-json\/wp\/v2\/pages\/95?add-to-cart=665\" aria-describedby=\"woocommerce_loop_add_to_cart_link_describedby_665\" data-quantity=\"1\" class=\"button product_type_simple add_to_cart_button ajax_add_to_cart\" data-product_id=\"665\" data-product_sku=\"103110\" aria-label=\"In den Warenkorb legen: \u201eSR 10 - Paolo Fabbri: Rossini. K\u00fcnstler, Mensch und Mythos (Biografie)\u201c\" rel=\"nofollow\" data-success_message=\"\u201eSR 10 - Paolo Fabbri: Rossini. K\u00fcnstler, Mensch und Mythos (Biografie)\u201c wurde Ihrem Warenkorb hinzugef\u00fcgt\">In den Warenkorb<\/a>\t<span id=\"woocommerce_loop_add_to_cart_link_describedby_665\" class=\"screen-reader-text\">\n\t\t\t<\/span>\n<\/li>\n<\/ul>\n<\/div><\/pre>\n<p>Alberto Zedda:<br \/>\n<strong>Rossini-Streifz\u00fcge<\/strong><br \/>\nDeutsche \u00dcbersetzung von Marcus K\u00f6hler &#8211; Unterst\u00fctzung\u00a0<a href=\"http:\/\/www.seps.it\/\" target=\"_blank\" rel=\"noopener noreferrer\">SEPS<\/a><br \/>\n<em>ISBN 978-88-7592-983-1 | Mailand, Ricordi 2014, 242 Seiten 14,8&#215;21,0 cm, broschiert, \u20ac 20.&#8211; Bestellung \u00fcber <a href=\"https:\/\/www.musicshopeurope.com\/de-de\/product\/nr%2014119700\/rossini-streifzuge.aspx\" target=\"_blank\" rel=\"noopener noreferrer\">Music Shop Europe<\/a><br \/>\n<\/em><\/p>\n<p>Auch auf Englisch:<br \/>\nBand 8a<br \/>\n<strong>A Life with Rossini<\/strong><br \/>\nTranslation by Charles Jernigan<br \/>\n<em>ISBN 978-88-8192-035-8 | Mailand, Ricordi 2017, 204 Seiten 14,8&#215;21,0 cm, broschiert, \u20ac 18.&#8211; Bestellung \u00fcber <a href=\"https:\/\/www.musicshopeurope.com\/de-de\/product\/nr%2014173400\/a-life-with-rossini.aspx\" target=\"_blank\" rel=\"noopener noreferrer\">Music Shop Europe<\/a><br \/>\n<\/em><\/p>\n<p>Dieses Notizbuch einer leidenschaftlichen Auseinandersetzung enth\u00e4lt verschiedenartige Reflexionen eines Musikers, der nach seiner zuf\u00e4lligen Begegnung mit Rossini so sehr von dessen tiefgr\u00fcndigen musikalischen und dramaturgischen Sch\u00f6pfungen beeindruckt war, dass er ihm einen Gro\u00dfteil seiner Kr\u00e4fte gewidmet hat. Das Buch versteht sich weder als Biographie noch als k\u00fcnstlerisch-technische Analyse von Rossinis Schaffen. Vielmehr ist es der Rechenschaftsbericht einer begeisterten Auseinandersetzung mit einem Musiker, dessen Ideenwelt Verbreitung verdient.<\/p>\n<p>Alberto Zedda, geboren am 2. Januar 1928 in Mailand, ist einer der profiliertesten \u201eArchitekten\u201c der Rossini-Renaissance, f\u00fcr die er mit seiner kritischen Ausgabe des Barbiere di Siviglia 1968 einen wesentlichen Impuls gegeben hat. Durch seine unerm\u00fcdliche Dirgiert\u00e4tigkeit ist er weltweit ein charismatischer Botschafter in Sachen Rossini. Zedda ist k\u00fcnstlerischer Leiter des Rossini Opera Festivals in Pesaro und Ehrenpr\u00e4sident der Deutschen Rossini Gesellschaft.<\/p>\n<p>&nbsp;<\/p>\n<p>Mitteilungsblatt f\u00fcr Mitglieder (Probenummer, Juni 2005)<br \/>\n<a href=\"http:\/\/www.rossinigesellschaft.de\/dat\/pdf\/D02-Probenummer.PDF\" target=\"_blank\" rel=\"noopener noreferrer\">Download PDF<\/a>\u00a0(201 kB)<\/p>\n<p>&nbsp;<\/p>\n<p><strong><a name=\"Noten\"><\/a>Notenausgaben<\/strong><\/p>\n<p>Auff\u00fchrungsmaterial und Klavierausz\u00fcge\u00a0<a href=\"mailto:drg@rossinigesellscahft.de\" target=\"_blank\" rel=\"noopener noreferrer\">auf Anfrage<\/a><\/p>\n<p><em>.\u00a0<a href=\"http:\/\/www.rossinigesellschaft.de\/dat\/pdf\/D02_Noten_Equivoco.pdf\" target=\"_blank\" rel=\"noopener noreferrer\">L&#8217;equivoco stravagante<\/a><\/em>, Komische Oper in 2 Akten<br \/>\n.\u00a0<em><a href=\"http:\/\/www.rossinigesellschaft.de\/dat\/pdf\/D02_Noten_EeC.pdf\" target=\"_blank\" rel=\"noopener noreferrer\">Eduardo e Cristina<\/a><\/em>, Ernste Oper in 2 Akten<\/p>\n<p>.\u00a0<em><a href=\"http:\/\/www.rossinigesellschaft.de\/dat\/pdf\/D02_Noten_Pezzi%20lughesi.pdf\" target=\"_blank\" rel=\"noopener noreferrer\">Pezzi sacri lughesi<\/a><\/em>, fr\u00fche Messefragmente f\u00fcr Soli, M\u00e4nnerchor und Orchester<\/p>\n<p>.\u00a0<em><a href=\"http:\/\/www.rossinigesellschaft.de\/dat\/pdf\/D02_Noten_Dolci%20aurette.pdf\" target=\"_blank\" rel=\"noopener noreferrer\">Dolci aurette che spirate<\/a><\/em>, Kavatine f\u00fcr Tenor und Orchester<br \/>\n.\u00a0<em><a href=\"http:\/\/www.rossinigesellschaft.de\/dat\/pdf\/D02_Noten_La%20mia%20pace.pdf\" target=\"_blank\" rel=\"noopener noreferrer\">La mia pace io gi\u00e0 perdei<\/a><\/em>, Arie f\u00fcr Tenor und Orchester<br \/>\n.\u00a0<a href=\"http:\/\/www.rossinigesellschaft.de\/dat\/pdf\/D02_Noten_Inganno-Cera.pdf\" target=\"_blank\" rel=\"noopener noreferrer\">1. Alternativarie<\/a>\u00a0zu\u00a0<em>L&#8217;inganno felice<\/em>\u00a0f\u00fcr Sopran und Orchester<br \/>\n.\u00a0<a href=\"http:\/\/www.rossinigesellschaft.de\/dat\/pdf\/D02_Noten_Inganno-Ricordi.pdf\" target=\"_blank\" rel=\"noopener noreferrer\">2. Alternativarie<\/a>\u00a0zu\u00a0<em>L&#8217;inganno felice<\/em>\u00a0f\u00fcr Sopran und Orchester<\/p>\n<p>.\u00a0<em><a href=\"http:\/\/www.rossinigesellschaft.de\/dat\/pdf\/D02_Noten_Veuve.pdf\" target=\"_blank\" rel=\"noopener noreferrer\">La veuve andalouse<\/a><\/em>, Ariette f\u00fcr Mezzosopran und Klavier<br \/>\n.\u00a0<em><a href=\"http:\/\/www.rossinigesellschaft.de\/dat\/pdf\/D02_Noten_Amori.pdf\" target=\"_blank\" rel=\"noopener noreferrer\">Amori scendete<\/a><\/em>, Lied f\u00fcr Stimme und Klavier<br \/>\n.\u00a0<em><a href=\"http:\/\/www.rossinigesellschaft.de\/dat\/pdf\/D02_Noten_Canone.pdf\" target=\"_blank\" rel=\"noopener noreferrer\">Canone<\/a><\/em>, Kanon f\u00fcr vier Stimmen<\/p>\n<p>.\u00a0<em><a href=\"http:\/\/www.rossinigesellschaft.de\/dat\/pdf\/D02_Noten_Mercadante_Sinfonia%20a%20Rossini.pdf\" target=\"_blank\" rel=\"noopener noreferrer\">A Rossini<\/a><\/em>. Sinfonia a grand&#8217;orchestra von Saverio Mercadante<br \/>\n.\u00a0<em><a href=\"http:\/\/www.rossinigesellschaft.de\/dat\/pdf\/D02_Noten_Mercadante_Omaggio%20a%20Rossini.pdf\" target=\"_blank\" rel=\"noopener noreferrer\">Omaggio all&#8217;immortale Rossini<\/a><\/em>. Fantasia von Saverio Mercadante<\/p>\n","protected":false},"excerpt":{"rendered":"<p>\u201eHo fatto una Musica degna di Rossini\u201c Gioachino Rossini 1815 \u00fcber\u00a0Elisabetta \u201eIch schrieb Musik w\u00fcrdig eines Rossinis\u201c, urteilt Rossini \u00fcber sich selbst. In ihren Publikationen widmet sich die Deutsche Rossini Gesellschaft den unterschiedlichsten Aspekten: Einmal j\u00e4hrlich gibt sie\u00a0La Gazzetta\u00a0heraus, mit<\/p>\n","protected":false},"author":1,"featured_media":0,"parent":0,"menu_order":0,"comment_status":"closed","ping_status":"closed","template":"page-templates\/gesellschaft.php","meta":{"footnotes":""},"class_list":["post-95","page","type-page","status-publish","hentry"],"yoast_head":"<!-- This site is optimized with the Yoast SEO plugin v27.5 - https:\/\/yoast.com\/product\/yoast-seo-wordpress\/ -->\n<title>Publikationen - Deutsche Rossini Gesellschaft<\/title>\n<meta name=\"robots\" content=\"index, follow, max-snippet:-1, max-image-preview:large, max-video-preview:-1\" \/>\n<link rel=\"canonical\" href=\"https:\/\/www.rossinigesellschaft.de\/de\/publikationen\/\" \/>\n<meta property=\"og:locale\" content=\"de_DE\" \/>\n<meta property=\"og:type\" content=\"article\" \/>\n<meta property=\"og:title\" content=\"Publikationen - Deutsche Rossini Gesellschaft\" \/>\n<meta property=\"og:description\" content=\"\u201eHo fatto una Musica degna di Rossini\u201c Gioachino Rossini 1815 \u00fcber\u00a0Elisabetta \u201eIch schrieb Musik w\u00fcrdig eines Rossinis\u201c, urteilt Rossini \u00fcber sich selbst. In ihren Publikationen widmet sich die Deutsche Rossini Gesellschaft den unterschiedlichsten Aspekten: Einmal j\u00e4hrlich gibt sie\u00a0La Gazzetta\u00a0heraus, mit\" \/>\n<meta property=\"og:url\" content=\"https:\/\/www.rossinigesellschaft.de\/de\/publikationen\/\" \/>\n<meta property=\"og:site_name\" content=\"Deutsche Rossini Gesellschaft\" \/>\n<meta property=\"article:modified_time\" content=\"2025-05-13T20:11:05+00:00\" \/>\n<meta name=\"twitter:card\" content=\"summary_large_image\" \/>\n<meta name=\"twitter:label1\" content=\"Gesch\u00e4tzte Lesezeit\" \/>\n\t<meta name=\"twitter:data1\" content=\"8\u00a0Minuten\" \/>\n<script type=\"application\/ld+json\" class=\"yoast-schema-graph\">{\"@context\":\"https:\\\/\\\/schema.org\",\"@graph\":[{\"@type\":\"WebPage\",\"@id\":\"https:\\\/\\\/www.rossinigesellschaft.de\\\/de\\\/publikationen\\\/\",\"url\":\"https:\\\/\\\/www.rossinigesellschaft.de\\\/de\\\/publikationen\\\/\",\"name\":\"Publikationen - Deutsche Rossini Gesellschaft\",\"isPartOf\":{\"@id\":\"https:\\\/\\\/www.rossinigesellschaft.de\\\/de\\\/#website\"},\"datePublished\":\"2018-12-20T08:47:57+00:00\",\"dateModified\":\"2025-05-13T20:11:05+00:00\",\"breadcrumb\":{\"@id\":\"https:\\\/\\\/www.rossinigesellschaft.de\\\/de\\\/publikationen\\\/#breadcrumb\"},\"inLanguage\":\"de\",\"potentialAction\":[{\"@type\":\"ReadAction\",\"target\":[\"https:\\\/\\\/www.rossinigesellschaft.de\\\/de\\\/publikationen\\\/\"]}]},{\"@type\":\"BreadcrumbList\",\"@id\":\"https:\\\/\\\/www.rossinigesellschaft.de\\\/de\\\/publikationen\\\/#breadcrumb\",\"itemListElement\":[{\"@type\":\"ListItem\",\"position\":1,\"name\":\"Startseite\",\"item\":\"https:\\\/\\\/www.rossinigesellschaft.de\\\/de\\\/\"},{\"@type\":\"ListItem\",\"position\":2,\"name\":\"Publikationen\"}]},{\"@type\":\"WebSite\",\"@id\":\"https:\\\/\\\/www.rossinigesellschaft.de\\\/de\\\/#website\",\"url\":\"https:\\\/\\\/www.rossinigesellschaft.de\\\/de\\\/\",\"name\":\"Deutsche Rossini Gesellschaft\",\"description\":\"\",\"publisher\":{\"@id\":\"https:\\\/\\\/www.rossinigesellschaft.de\\\/de\\\/#organization\"},\"potentialAction\":[{\"@type\":\"SearchAction\",\"target\":{\"@type\":\"EntryPoint\",\"urlTemplate\":\"https:\\\/\\\/www.rossinigesellschaft.de\\\/de\\\/?s={search_term_string}\"},\"query-input\":{\"@type\":\"PropertyValueSpecification\",\"valueRequired\":true,\"valueName\":\"search_term_string\"}}],\"inLanguage\":\"de\"},{\"@type\":\"Organization\",\"@id\":\"https:\\\/\\\/www.rossinigesellschaft.de\\\/de\\\/#organization\",\"name\":\"Deutsche Rossini Gesellschaft\",\"url\":\"https:\\\/\\\/www.rossinigesellschaft.de\\\/de\\\/\",\"logo\":{\"@type\":\"ImageObject\",\"inLanguage\":\"de\",\"@id\":\"https:\\\/\\\/www.rossinigesellschaft.de\\\/de\\\/#\\\/schema\\\/logo\\\/image\\\/\",\"url\":\"https:\\\/\\\/www.rossinigesellschaft.de\\\/de\\\/wp-content\\\/uploads\\\/2019\\\/02\\\/logo-transparent.png\",\"contentUrl\":\"https:\\\/\\\/www.rossinigesellschaft.de\\\/de\\\/wp-content\\\/uploads\\\/2019\\\/02\\\/logo-transparent.png\",\"width\":200,\"height\":86,\"caption\":\"Deutsche Rossini Gesellschaft\"},\"image\":{\"@id\":\"https:\\\/\\\/www.rossinigesellschaft.de\\\/de\\\/#\\\/schema\\\/logo\\\/image\\\/\"}}]}<\/script>\n<!-- \/ Yoast SEO plugin. -->","yoast_head_json":{"title":"Publikationen - Deutsche Rossini Gesellschaft","robots":{"index":"index","follow":"follow","max-snippet":"max-snippet:-1","max-image-preview":"max-image-preview:large","max-video-preview":"max-video-preview:-1"},"canonical":"https:\/\/www.rossinigesellschaft.de\/de\/publikationen\/","og_locale":"de_DE","og_type":"article","og_title":"Publikationen - Deutsche Rossini Gesellschaft","og_description":"\u201eHo fatto una Musica degna di Rossini\u201c Gioachino Rossini 1815 \u00fcber\u00a0Elisabetta \u201eIch schrieb Musik w\u00fcrdig eines Rossinis\u201c, urteilt Rossini \u00fcber sich selbst. In ihren Publikationen widmet sich die Deutsche Rossini Gesellschaft den unterschiedlichsten Aspekten: Einmal j\u00e4hrlich gibt sie\u00a0La Gazzetta\u00a0heraus, mit","og_url":"https:\/\/www.rossinigesellschaft.de\/de\/publikationen\/","og_site_name":"Deutsche Rossini Gesellschaft","article_modified_time":"2025-05-13T20:11:05+00:00","twitter_card":"summary_large_image","twitter_misc":{"Gesch\u00e4tzte Lesezeit":"8\u00a0Minuten"},"schema":{"@context":"https:\/\/schema.org","@graph":[{"@type":"WebPage","@id":"https:\/\/www.rossinigesellschaft.de\/de\/publikationen\/","url":"https:\/\/www.rossinigesellschaft.de\/de\/publikationen\/","name":"Publikationen - Deutsche Rossini Gesellschaft","isPartOf":{"@id":"https:\/\/www.rossinigesellschaft.de\/de\/#website"},"datePublished":"2018-12-20T08:47:57+00:00","dateModified":"2025-05-13T20:11:05+00:00","breadcrumb":{"@id":"https:\/\/www.rossinigesellschaft.de\/de\/publikationen\/#breadcrumb"},"inLanguage":"de","potentialAction":[{"@type":"ReadAction","target":["https:\/\/www.rossinigesellschaft.de\/de\/publikationen\/"]}]},{"@type":"BreadcrumbList","@id":"https:\/\/www.rossinigesellschaft.de\/de\/publikationen\/#breadcrumb","itemListElement":[{"@type":"ListItem","position":1,"name":"Startseite","item":"https:\/\/www.rossinigesellschaft.de\/de\/"},{"@type":"ListItem","position":2,"name":"Publikationen"}]},{"@type":"WebSite","@id":"https:\/\/www.rossinigesellschaft.de\/de\/#website","url":"https:\/\/www.rossinigesellschaft.de\/de\/","name":"Deutsche Rossini Gesellschaft","description":"","publisher":{"@id":"https:\/\/www.rossinigesellschaft.de\/de\/#organization"},"potentialAction":[{"@type":"SearchAction","target":{"@type":"EntryPoint","urlTemplate":"https:\/\/www.rossinigesellschaft.de\/de\/?s={search_term_string}"},"query-input":{"@type":"PropertyValueSpecification","valueRequired":true,"valueName":"search_term_string"}}],"inLanguage":"de"},{"@type":"Organization","@id":"https:\/\/www.rossinigesellschaft.de\/de\/#organization","name":"Deutsche Rossini Gesellschaft","url":"https:\/\/www.rossinigesellschaft.de\/de\/","logo":{"@type":"ImageObject","inLanguage":"de","@id":"https:\/\/www.rossinigesellschaft.de\/de\/#\/schema\/logo\/image\/","url":"https:\/\/www.rossinigesellschaft.de\/de\/wp-content\/uploads\/2019\/02\/logo-transparent.png","contentUrl":"https:\/\/www.rossinigesellschaft.de\/de\/wp-content\/uploads\/2019\/02\/logo-transparent.png","width":200,"height":86,"caption":"Deutsche Rossini Gesellschaft"},"image":{"@id":"https:\/\/www.rossinigesellschaft.de\/de\/#\/schema\/logo\/image\/"}}]}},"_links":{"self":[{"href":"https:\/\/www.rossinigesellschaft.de\/de\/wp-json\/wp\/v2\/pages\/95","targetHints":{"allow":["GET"]}}],"collection":[{"href":"https:\/\/www.rossinigesellschaft.de\/de\/wp-json\/wp\/v2\/pages"}],"about":[{"href":"https:\/\/www.rossinigesellschaft.de\/de\/wp-json\/wp\/v2\/types\/page"}],"author":[{"embeddable":true,"href":"https:\/\/www.rossinigesellschaft.de\/de\/wp-json\/wp\/v2\/users\/1"}],"replies":[{"embeddable":true,"href":"https:\/\/www.rossinigesellschaft.de\/de\/wp-json\/wp\/v2\/comments?post=95"}],"version-history":[{"count":22,"href":"https:\/\/www.rossinigesellschaft.de\/de\/wp-json\/wp\/v2\/pages\/95\/revisions"}],"predecessor-version":[{"id":1630,"href":"https:\/\/www.rossinigesellschaft.de\/de\/wp-json\/wp\/v2\/pages\/95\/revisions\/1630"}],"wp:attachment":[{"href":"https:\/\/www.rossinigesellschaft.de\/de\/wp-json\/wp\/v2\/media?parent=95"}],"curies":[{"name":"wp","href":"https:\/\/api.w.org\/{rel}","templated":true}]}}